{"id":689,"date":"2023-02-22T22:55:00","date_gmt":"2023-02-22T21:55:00","guid":{"rendered":"https:\/\/psneuillyputeaux.fr\/?page_id=689"},"modified":"2026-03-03T15:22:05","modified_gmt":"2026-03-03T14:22:05","slug":"levallois","status":"publish","type":"page","link":"https:\/\/psneuillyputeaux.fr\/?page_id=689","title":{"rendered":"Levallois"},"content":{"rendered":"\n<figure class=\"wp-block-image size-large\"><img loading=\"lazy\" decoding=\"async\" width=\"1024\" height=\"683\" src=\"https:\/\/psneuillyputeaux.fr\/wp-content\/uploads\/2026\/03\/LEVALLOIS-MAIRIE-2026-1024x683.jpg\" alt=\"\" class=\"wp-image-940\" srcset=\"https:\/\/psneuillyputeaux.fr\/wp-content\/uploads\/2026\/03\/LEVALLOIS-MAIRIE-2026-1024x683.jpg 1024w, https:\/\/psneuillyputeaux.fr\/wp-content\/uploads\/2026\/03\/LEVALLOIS-MAIRIE-2026-300x200.jpg 300w, https:\/\/psneuillyputeaux.fr\/wp-content\/uploads\/2026\/03\/LEVALLOIS-MAIRIE-2026-768x512.jpg 768w, https:\/\/psneuillyputeaux.fr\/wp-content\/uploads\/2026\/03\/LEVALLOIS-MAIRIE-2026-1536x1024.jpg 1536w, https:\/\/psneuillyputeaux.fr\/wp-content\/uploads\/2026\/03\/LEVALLOIS-MAIRIE-2026.jpg 2048w\" sizes=\"auto, (max-width: 767px) 89vw, (max-width: 1000px) 54vw, (max-width: 1071px) 543px, 580px\" \/><\/figure>\n\n\n\n<p>Pour une ville solidaire, \u00e9cologiste et d\u00e9mocratique , liste d&rsquo;union <strong>PS <\/strong>&#8211; <strong>Les \u00c9cologistes <\/strong>&#8211; <strong>Place Publique<\/strong> &#8211; <strong>PCF<\/strong>. Suivez nous sur <a href=\"https:\/\/www.facebook.com\/profile.php?id=61577614100483\">Facebook<\/a> ou <a href=\"https:\/\/www.instagram.com\/levallois_en_commun\">Instagram<\/a>.<br><\/p>\n\n\n\n<figure class=\"wp-block-image size-full\"><img loading=\"lazy\" decoding=\"async\" width=\"526\" height=\"935\" src=\"https:\/\/psneuillyputeaux.fr\/wp-content\/uploads\/2026\/03\/PanneauLevallois.jpg\" alt=\"\" class=\"wp-image-941\" srcset=\"https:\/\/psneuillyputeaux.fr\/wp-content\/uploads\/2026\/03\/PanneauLevallois.jpg 526w, https:\/\/psneuillyputeaux.fr\/wp-content\/uploads\/2026\/03\/PanneauLevallois-169x300.jpg 169w\" sizes=\"auto, (max-width: 526px) 100vw, 526px\" \/><\/figure>\n\n\n\n<h2 class=\"wp-block-heading\"><strong>Levallois en Commun<\/strong><\/h2>\n\n\n\n<ol class=\"wp-block-list\">\n<li><strong>Baptiste NOUGUIER<\/strong>\u00a0<\/li>\n\n\n\n<li>Dani\u00e8le ZELIC<\/li>\n\n\n\n<li>Fr\u00e9d\u00e9ric GRADWOHL<\/li>\n\n\n\n<li>Sabine LEVARD<\/li>\n\n\n\n<li>Yanis GARCIA BOUGUERRA<\/li>\n\n\n\n<li>Audrey VILLATE<\/li>\n\n\n\n<li>Jules MARQUAILLE<\/li>\n\n\n\n<li>St\u00e9phanie ALVES<\/li>\n\n\n\n<li>Olivier ROUSSEAU<\/li>\n\n\n\n<li>Annie MANDOIS<\/li>\n\n\n\n<li>Cyprien PHILONENKO<\/li>\n\n\n\n<li>Pom LORTON<\/li>\n\n\n\n<li>Christophe GREGORIO<\/li>\n\n\n\n<li>Chlo\u00e9 BOUANANE<\/li>\n\n\n\n<li>Gislain GUIDONI<\/li>\n\n\n\n<li>Sonia CORVI<\/li>\n\n\n\n<li>Jonathan ALLARD<\/li>\n\n\n\n<li>Claire MOREAU-SHIRBON<\/li>\n\n\n\n<li>Charles SABATER<\/li>\n\n\n\n<li>Marie-Fabienne GAUCHOU<\/li>\n\n\n\n<li>Philippe COPELLO<\/li>\n\n\n\n<li>Isabelle CHARRAIX<\/li>\n\n\n\n<li>Georges DUFFAU<\/li>\n\n\n\n<li>Nicole KAZANDJIAN<\/li>\n\n\n\n<li>Brieuc CUDENNEC<\/li>\n\n\n\n<li>Christine QU\u00c9MY<\/li>\n\n\n\n<li>Kipr\u00e9 Christian GUEDE<\/li>\n\n\n\n<li>Patricia LAVERGNE-BOULIC<\/li>\n\n\n\n<li>Timoth\u00e9dvg LAVOISY<\/li>\n\n\n\n<li>Marie GRADWOHL<\/li>\n\n\n\n<li>Jean-Claude TUFFERI<\/li>\n\n\n\n<li>Sylvie ZAKRAJSEK<\/li>\n\n\n\n<li>Th\u00e9ophile POUSSOT-DAJNAK<\/li>\n\n\n\n<li>Nedjima ZOUAOUI<\/li>\n\n\n\n<li>Jean-Pierre VENTURA<\/li>\n\n\n\n<li>Josiane P\u00c9RON<\/li>\n\n\n\n<li>Louis LE GUYADER<\/li>\n\n\n\n<li>Val\u00e9rie DUBARD<\/li>\n\n\n\n<li>Za\u00eem ALALOU<\/li>\n\n\n\n<li>Zo\u00e9 TOPIC<\/li>\n\n\n\n<li>Philippe COLLIOT<\/li>\n\n\n\n<li>Danielle WALLET<\/li>\n\n\n\n<li>Fabrice CHAPP\u00c9<\/li>\n\n\n\n<li>Lola NIMESKERN<\/li>\n\n\n\n<li>Jean-Pierre VIDAL<\/li>\n\n\n\n<li>Marie-Laure FAVREAU<\/li>\n\n\n\n<li>Bernard BARDINET<\/li>\n\n\n\n<li>Dominique DEPORTE<\/li>\n\n\n\n<li>Jacques ATLAN<\/li>\n<\/ol>\n","protected":false},"excerpt":{"rendered":"<p>Pour une ville solidaire, \u00e9cologiste et d\u00e9mocratique , liste d&rsquo;union PS &#8211; Les \u00c9cologistes &#8211; Place Publique &#8211; PCF. Suivez nous sur Facebook ou Instagram. Levallois en Commun<\/p>\n","protected":false},"author":4,"featured_media":0,"parent":61,"menu_order":5,"comment_status":"closed","ping_status":"closed","template":"","meta":{"footnotes":""},"class_list":["post-689","page","type-page","status-publish","hentry"],"_links":{"self":[{"href":"https:\/\/psneuillyputeaux.fr\/index.php?rest_route=\/wp\/v2\/pages\/689","targetHints":{"allow":["GET"]}}],"collection":[{"href":"https:\/\/psneuillyputeaux.fr\/index.php?rest_route=\/wp\/v2\/pages"}],"about":[{"href":"https:\/\/psneuillyputeaux.fr\/index.php?rest_route=\/wp\/v2\/types\/page"}],"author":[{"embeddable":true,"href":"https:\/\/psneuillyputeaux.fr\/index.php?rest_route=\/wp\/v2\/users\/4"}],"replies":[{"embeddable":true,"href":"https:\/\/psneuillyputeaux.fr\/index.php?rest_route=%2Fwp%2Fv2%2Fcomments&post=689"}],"version-history":[{"count":5,"href":"https:\/\/psneuillyputeaux.fr\/index.php?rest_route=\/wp\/v2\/pages\/689\/revisions"}],"predecessor-version":[{"id":944,"href":"https:\/\/psneuillyputeaux.fr\/index.php?rest_route=\/wp\/v2\/pages\/689\/revisions\/944"}],"up":[{"embeddable":true,"href":"https:\/\/psneuillyputeaux.fr\/index.php?rest_route=\/wp\/v2\/pages\/61"}],"wp:attachment":[{"href":"https:\/\/psneuillyputeaux.fr\/index.php?rest_route=%2Fwp%2Fv2%2Fmedia&parent=689"}],"curies":[{"name":"wp","href":"https:\/\/api.w.org\/{rel}","templated":true}]}}