{"id":105,"date":"2018-08-24T11:00:50","date_gmt":"2018-08-24T09:00:50","guid":{"rendered":"http:\/\/psneuillyputeaux.fr\/?page_id=105"},"modified":"2018-08-25T11:02:08","modified_gmt":"2018-08-25T09:02:08","slug":"pold-paris-ouest-la-defense","status":"publish","type":"page","link":"https:\/\/psneuillyputeaux.fr\/?page_id=105","title":{"rendered":"POLD"},"content":{"rendered":"<p><a href=\"http:\/\/www.parisouestladefense.fr\/pold\/index.php?idp=6\">POLD<\/a>\u00a0 (Paris Ouest La D\u00e9fense), territoire qui regroupe 11 communes des Hauts-de-Seine, d\u00e9mat\u00e9rialise ses documents pour vous permettre de les consulter en ligne.<\/p>\n<div id=\"para_1\" class=\"para_23853579 resize\">\n<ul>\n<li style=\"list-style-type: none;\">\n<ul>\n<li>Toutes les informations sur le territoire peuvent \u00eatre consult\u00e9es <strong style=\"font-size: 1rem;\"><a class=\"liens\" href=\"file:\/\/\/I:\/psneuilly\/external.html?link=http:\/\/www.parisouestladefense.fr\/pold\/index.php?p=telechargement\" target=\"_blank\" rel=\"noopener\">ICI<\/a> <\/strong><span style=\"font-size: 1rem;\">.\u00a0<\/span><\/li>\n<li>Tous les compte-rendus de conseil peuvent \u00eatre consult\u00e9s <a class=\"liens\" href=\"file:\/\/\/I:\/psneuilly\/external.html?link=http:\/\/www.parisouestladefense.fr\/pold\/index.php?p=telechargement&amp;rep=9\" target=\"_blank\" rel=\"noopener\"><strong>LA<\/strong><\/a><\/li>\n<\/ul>\n<\/li>\n<\/ul>\n<\/div>\n<h1><img loading=\"lazy\" decoding=\"async\" class=\"size-medium wp-image-159 aligncenter\" src=\"https:\/\/psneuillyputeaux.fr\/wp-content\/uploads\/2018\/08\/Pold_villes-300x247.jpg\" alt=\"\" width=\"300\" height=\"247\" srcset=\"https:\/\/psneuillyputeaux.fr\/wp-content\/uploads\/2018\/08\/Pold_villes-300x247.jpg 300w, https:\/\/psneuillyputeaux.fr\/wp-content\/uploads\/2018\/08\/Pold_villes.jpg 485w\" sizes=\"auto, (max-width: 300px) 100vw, 300px\" \/><\/h1>\n<h1>Les tribulations d\u2019un conseiller territorial hors du \u00ab\u00a0courant dominant\u00a0\u00bb<\/h1>\n<p><strong>Le pr\u00e9sident du groupe \u00ab\u00a0Tous pour Courbevoie\u00a0\u00bb regroupant le PS, le Front D\u00e9mocrate et des citoyens actifs est aussi conseiller territorial. Il nous fait part ici du fonctionnement du territoire dont font partie Neuilly et Puteaux. <\/strong><\/p>\n<div id=\"para_1\" class=\"para_24239378 resize\">\n<div class=\"texte\">\n<div class=\"access firstletter\">\n<h3><strong>\u00ab\u00a0POLD\u00a0\u00bb\u00a0? Quezaco\u00a0?<\/strong><\/h3>\n<div>\n<p>Vous ne savez pas\u00a0? C\u2019est l\u2019acronyme de Paris Ouest La D\u00e9fense, le nom du nouveau \u00ab territoire\u00a0\u00bb qui regroupe onze villes et qui a \u00e9t\u00e9 cr\u00e9\u00e9 d\u00e9but 2016 pour \u00e9tablir un \u00e9chelon interm\u00e9diaire entre la m\u00e9tropole du Grand Paris et le chapelet des 131 villes qui la composent.<br \/>\nCe conseil de territoire gagne \u00e0 \u00eatre connu, il est amen\u00e9 \u00e0 pr\u00e9sider de plus en plus aux destin\u00e9es des quelque 560\u00a0000 habitants de nos onze villes et a d\u00e9j\u00e0 en charge le plan local d\u2019urbanisme des onze villes, l\u2019habitat (partag\u00e9 avec la m\u00e9tropole), le plan climat-air-\u00e9nergie, les comp\u00e9tences li\u00e9es \u00e0 l\u2019eau, l\u2019assainissement, les d\u00e9chets etc.<br \/>\nR\u00e9clam\u00e9 \u00e0 cor et \u00e0 cris par les villes de la r\u00e9gion parisienne qui rechignaient pourtant depuis des lustres \u00e0 se grouper en intercommunalit\u00e9s (ce, \u00e0 la tra\u00eene de tout le reste de la France) pour ne pas se faire engloutir d\u2019un seul coup dans la M\u00e9tropole du Grand Paris, ce nouvel \u00e9chelon territorial a encore plusieurs d\u00e9fauts de jeunesse et ses \u00e9lus encore un peu de mal \u00e0 int\u00e9grer le fait m\u00e9tropolitain. C\u2019est peu dire\u2026<\/p>\n<div><\/div>\n<div><strong>Comment on fait dispara\u00eetre un des six \u00ab\u00a0minoritaires\u00a0\u00bb.<\/strong><\/div>\n<div>\n<p>D\u2019abord les d\u00e9fauts de naissance\u00a0: ces territoires ayant \u00e9t\u00e9 cr\u00e9\u00e9s apr\u00e8s les derni\u00e8res \u00e9lections municipales de 2014, leurs membres ont \u00e9t\u00e9 \u00e9lus par les conseils municipaux ce qui a m\u00e9caniquement renforc\u00e9 les majorit\u00e9s. Ainsi, alors que les majorit\u00e9s des onze villes ont \u00e9t\u00e9 \u00e9lues par 57% des \u00e9lecteurs, elles regroupent 93% (vous lisez bien) des \u00e9lus de ce conseil. Oui, les oppositions au sein du conseil de territoire de POLD ne p\u00e8sent que 6 \u00e9lus sur 90\u2026\u00a0! Vous imaginez que l\u2019esp\u00e8ce menac\u00e9e des conseillers hors du courant dominant aurait droit \u00e0 un minimum d\u2019\u00e9gards\u00a0? Vous vous trompez\u00a0! Qu\u2019un de ceux-l\u00e0 vienne \u00e0 d\u00e9missionner pour raison personnelle, et une incroyable faille l\u00e9gislative fait qu\u2019il peut \u00eatre remplac\u00e9 par un \u00e9lu majoritaire\u00a0! C\u2019est ce qui vient d\u2019arriver \u00e0 Rueil o\u00f9 Patrick Ollier, pr\u00e9sident de la M\u00e9tropole du Grand Paris, a pr\u00e9f\u00e9r\u00e9 passer outre la repr\u00e9sentation d\u00e9mocratique\u2026 Pas glorieux et, de 6, les \u00ab\u00a0minoritaires\u00a0\u00bb sont pass\u00e9s \u00e0 5\u2026<\/p>\n<div><\/div>\n<div><strong>POLD \u00e0 l\u2019\u00e9preuve de la \u00ab\u00a0souverainet\u00e9 communale\u00a0\u00bb<\/strong><br \/>\nC\u2019est que nos ch\u00e8res majorit\u00e9s des onze villes sont trop occup\u00e9es \u00e0 n\u00e9gocier laborieusement entre elles pour se laisser \u00ab\u00a0distraire\u00a0\u00bb par leurs oppositions. En effet, pas facile de discuter avec les villes voisines surtout que c\u2019est tout nouveau. Trois des onze villes en \u00e9taient encore rest\u00e9es jusqu\u2019en 2015 au village gaulois superbement isol\u00e9 du reste du monde\u00a0: Levallois, Neuilly et La Garenne-Colombes avaient toujours refus\u00e9 mordicus de se rapprocher d\u2019un quelconque voisin. Courbevoie et Puteaux, elles, avaient cr\u00e9\u00e9 une mignonne intercommunalit\u00e9 \u00e0\u2026 deux villes, unique en son genre.<br \/>\nAlors, \u00e0 POLD, depuis deux ans, on t\u00e2tonne et on se regarde en chiens de fa\u00efence\u2026<br \/>\nOn commence par se rassurer en d\u00e9clamant dans la charte de fonctionnement qu\u2019on respectera la \u00ab\u00a0souverainet\u00e9 communale\u00a0\u00bb, terme grotesque qui oublie les cours d\u2019instruction civique o\u00f9 on apprenait que la souverainet\u00e9 ne r\u00e9side que dans le peuple, et non pas dans tel ou tel d\u00e9coupage administratif, m\u00eame pour le petit confort d\u2019\u00e9lus habitu\u00e9s \u00e0 \u00eatre les seuls roitelets chez eux.<br \/>\nEnsuite, on organise le vide\u00a0: ainsi, une glorieuse d\u00e9lib\u00e9ration du 20 d\u00e9cembre dernier a fait redescendre aux villes presque toutes les comp\u00e9tences qui \u00e9taient territoriales du fait que certaines des onze les avaient mutualis\u00e9es dans les agglom\u00e9rations pr\u00e9existantes. POLD, o\u00f9 comment les villes les plus \u00ab\u00a0cancres\u00a0\u00bb du travailler-ensemble arrivent \u00e0 imposer leurs vues aux autres\u2026<br \/>\nEnfin, pour les quelques comp\u00e9tences obligatoirement d\u00e9volues au territoire comme le plan local d\u2019urbanisme, on maintient dans les faits le pilotage par chaque ville et on respecte scrupuleusement la charte de non-ing\u00e9rence dans une commune \u00ab\u00a0\u00e9trang\u00e8re\u00a0\u00bb \u00e0 la sienne\u00a0: chacun son petit pr\u00e9-carr\u00e9 et les vaches seront bien gard\u00e9es\u00a0! Mais l\u00e0, on n\u2019est pas dans l\u2019Europe de l\u2019apr\u00e8s-guerre, on est dans les Hauts-de-Seine en 2018\u00a0!<br \/>\nDe m\u00eame, pour les finances, le ma\u00eetre mot est\u00a0\u00ab\u00a0sectorisation\u00a0\u00bb\u00a0: on compte \u00e0 l\u2019euro pr\u00e8s ce que co\u00fbte chaque ville et ce qu\u2019elle rapporte. Bonnes gens, vous n\u2019imaginez pas le danger d\u2019une mutualisation de telle ou telle petite comp\u00e9tence avec vos redout\u00e9es villes voisines\u2026 On a quand m\u00eame envie de demander comment ont bien pu faire les provinciaux dans leurs 1200 regroupements de communes\u00a0?<\/p>\n<div><\/div>\n<div><strong>La solidarit\u00e9 \u00e0 POLD\u00a0: les pauvres pri\u00e9s d\u2019aider les riches<\/strong><br \/>\nAinsi, alors que la politique de la Ville est une de ses comp\u00e9tences obligatoires, et que pourtant seuls quelques quartiers de ce riche territoire \u2013tous situ\u00e9s \u00e0 Nanterre- en rel\u00e8vent, une bataille de chiffonniers men\u00e9es fin 2017 par les villes les plus riches de POLD (et de France\u2026) au premier rang desquelles Levallois, Neuilly, Puteaux et Courbevoie a forc\u00e9 Nanterre \u00e0 financer enti\u00e8rement seule cette politique\u2026 L\u2019enjeu financier\u00a0\u00e9tait de taille : environ 1\u20ac par habitant de POLD\u2026 Encore trop pour ces villes et tant pis si un cadre urbain apais\u00e9 autour de la D\u00e9fense ne ferait que renforcer l\u2019attractivit\u00e9 de ce quartier d\u2019affaires pour le profit de toutes et tous. On avait pourtant compris que c\u2019\u00e9tait la toute premi\u00e8re priorit\u00e9 figurant dans le projet de territoire vot\u00e9 en juin dernier\u2026 Notons au moins la d\u00e9solidarisation des maires de Rueil et Suresnes dans cette mesquinerie.<br \/>\nEn revanche, la solidarit\u00e9 est pri\u00e9e de jouer quand il s\u2019agit des obligations de logements sociaux\u00a0! Alors que 5 villes sur les 11 n\u2019atteignent m\u00eame pas l\u2019ancien objectif fix\u00e9 il y a pr\u00e8s de 20 ans de 20% de logements sociaux, POLD a cru bon signaler dans son projet de territoire qu\u2019il lui semblerait juste de ne pas payer d\u2019amende au pr\u00e9texte que sur l\u2019ensemble des onze villes, 26% des logements sont sociaux. Et devinez gr\u00e2ce \u00e0 qui\u00a0? A Nanterre notamment et ses 56% de logements sociaux\u00a0!<\/p>\n<div><\/div>\n<div><strong>Les conseils territoriaux\u00a0: moins on y parle, moins on en parle, mieux c\u2019est\u00a0!<\/strong><br \/>\nAlors, dans ce contexte chaotique et peu glorieux pour POLD, il y a au moins un point d\u2019accord entre les majorit\u00e9s de nos onze villes\u00a0: on ne va quand m\u00eame pas s\u2019emb\u00eater avec les \u00e9lus minoritaires, ni se faire du mal avec la publicit\u00e9 et la transparence de l\u2019action du territoire !<br \/>\nLe conseil territorial du 8 mars dernier en a \u00e9t\u00e9 un bel exemple. Il a d\u2019abord fallu exiger que l\u2019on obtienne par m\u00e9l le compte-rendu du bureau du conseil territorial, club des 11 maires o\u00f9 tout se d\u00e9cide, quand le conseil de territoire ne d\u00e9cide de rien au presque.<br \/>\nEnsuite, un sujet d\u2019urbanisme faisait partie des sept malheureuses d\u00e9lib\u00e9rations \u00ab\u00a0abandonn\u00e9es\u00a0\u00bb ce jour-l\u00e0 par le bureau au conseil de territoire et, comme toujours pour l\u2019urbanisme (puisque rien n\u2019est fait \u00e0 l\u2019\u00e9chelon intercommunal \u00e0 POLD) elle ne concernait qu\u2019une seule des onze villes. C\u2019\u00e9tait la mienne, Courbevoie et il s\u2019agissait de voter sur le caract\u00e8re d\u2019int\u00e9r\u00eat g\u00e9n\u00e9ral de l\u2019op\u00e9ration sur le village Delage, \u00eelot Paul Bert.<br \/>\nEh bien, figurez-vous que la \u00ab\u00a0meute\u00a0\u00bb des conseillers majoritaires qui n\u2019\u00e9taient pas de mon bord politique m\u2019est tomb\u00e9e dessus quand j\u2019ai pris la parole\u00a0!<br \/>\nUn coll\u00e8gue m\u2019a expliqu\u00e9 apr\u00e8s pourquoi\u00a0: \u00ab\u00a0tout le monde s\u2019en foutait\u00a0\u00bb\u00a0! Bien s\u00fbr, car par d\u00e9finition 10 villes sur 11 n\u2019\u00e9taient pas concern\u00e9es\u2026 N\u2019emp\u00eache, j\u2019aimerais bien voir dans la communaut\u00e9 urbaine de Lyon si tout le monde s\u2019en fiche autant quand on parle d\u2019une op\u00e9ration d\u2019urbanisme \u00e0 Villeurbanne\u2026 Et puis, on ne traitait l\u00e0 que de v\u00e9tilles, l\u2019expropriation \u00e0 venir de quelques petites gens \u00e0 cause d\u2019une n\u00e9gociation calamiteuse avec les \u00ab\u00a0gros\u00a0\u00bb de la banque HSBC. \u00c7a, c\u2019est de l\u2019int\u00e9r\u00eat g\u00e9n\u00e9ral, du vrai, du franc, du massif\u00a0!<br \/>\nQuand j\u2019ai voulu reprendre la parole, l\u00e0, le Pr\u00e9sident Kossowski et la \u00ab\u00a0meute\u00a0\u00bb m\u2019ont carr\u00e9ment interdit de rouvrir le bec\u2026 C\u2019est comme \u00e7a, point barre. \u00c7a se passe comme \u00e7a dans les Hauts-de-Seine\u00a0! J\u2019ai eu une petite pens\u00e9e \u00e0 ce moment-l\u00e0 pour ma coll\u00e8gue Anne-Eug\u00e9nie Faure qui s\u2019\u00e9tait fait agonir d\u2019injures par Patrick Balkany en conseil municipal \u00e0 Levallois\u2026<br \/>\nBouquet final\u00a0: j\u2019ai tent\u00e9 un v\u0153u, autoris\u00e9 par le r\u00e8glement int\u00e9rieur mais refus\u00e9 par le Pr\u00e9sident Kossowski. Il s\u2019agissait pourtant d\u2019une question que j\u2019esp\u00e9rais consensuelle\u00a0: celle de mettre les d\u00e9cisions de POLD qui concernent tout de m\u00eame 560\u00a0000 habitants int\u00e9gralement en ligne, comme le fait d\u00e9j\u00e0 la M\u00e9tropole du Grand Paris. J\u2019ai insist\u00e9 et pos\u00e9 la question oralement : il m\u2019a \u00e9t\u00e9 r\u00e9pondu que cela serait \u00e9tudi\u00e9 dans un d\u00e9lai non pr\u00e9cis\u00e9, mais que cela avait \u00ab\u00a0un co\u00fbt\u00a0alors que POLD cherchait au maximum \u00e0 limiter les d\u00e9penses\u00a0\u00bb\u2026\u00a0!<br \/>\nJ\u2019ai cru r\u00eaver\u00a0: mais non, on ne parlait pas des subventions-petits fours all\u00e8grement vot\u00e9es dans le secret du bureau de POLD, ni des 400\u00a0000 euros d\u2019indemnit\u00e9s que ce conseil se vote tout en limitant au maximum ses pr\u00e9rogatives, on parlait bien de mettre sur internet quelques dizaines de d\u00e9lib\u00e9rations tous les deux mois\u2026<\/p>\n<div><\/div>\n<div><strong>Alban THOMAS,\u00a0<\/strong>Conseiller Municipal<br \/>\nPr\u00e9sident du groupe<em>\u00a0Tous pour Courbevoie<\/em><\/div>\n<\/div>\n<\/div>\n<\/div>\n<\/div>\n<\/div>\n<div class=\"entry-content instapaper_body\">\n<div id=\"para_1\" class=\"para_23853579 resize\">\n<p>&nbsp;<\/p>\n<\/div>\n<\/div>\n<\/div>\n<\/div>\n<\/div>\n","protected":false},"excerpt":{"rendered":"<p>POLD\u00a0 (Paris Ouest La D\u00e9fense), territoire qui regroupe 11 communes des Hauts-de-Seine, d\u00e9mat\u00e9rialise ses documents pour vous permettre de les consulter en ligne. Toutes les informations sur le territoire peuvent \u00eatre consult\u00e9es ICI .\u00a0 Tous les compte-rendus de conseil peuvent \u00eatre consult\u00e9s LA Les tribulations d\u2019un conseiller territorial hors du \u00ab\u00a0courant dominant\u00a0\u00bb Le pr\u00e9sident du &hellip; <\/p>\n<p class=\"link-more\"><a href=\"https:\/\/psneuillyputeaux.fr\/?page_id=105\" class=\"more-link\">Continuer la lecture<span class=\"screen-reader-text\"> de &laquo;&nbsp;POLD&nbsp;&raquo;<\/span><\/a><\/p>\n","protected":false},"author":1,"featured_media":188,"parent":61,"menu_order":1,"comment_status":"closed","ping_status":"closed","template":"","meta":{"footnotes":""},"class_list":["post-105","page","type-page","status-publish","has-post-thumbnail","hentry"],"_links":{"self":[{"href":"https:\/\/psneuillyputeaux.fr\/index.php?rest_route=\/wp\/v2\/pages\/105","targetHints":{"allow":["GET"]}}],"collection":[{"href":"https:\/\/psneuillyputeaux.fr\/index.php?rest_route=\/wp\/v2\/pages"}],"about":[{"href":"https:\/\/psneuillyputeaux.fr\/index.php?rest_route=\/wp\/v2\/types\/page"}],"author":[{"embeddable":true,"href":"https:\/\/psneuillyputeaux.fr\/index.php?rest_route=\/wp\/v2\/users\/1"}],"replies":[{"embeddable":true,"href":"https:\/\/psneuillyputeaux.fr\/index.php?rest_route=%2Fwp%2Fv2%2Fcomments&post=105"}],"version-history":[{"count":36,"href":"https:\/\/psneuillyputeaux.fr\/index.php?rest_route=\/wp\/v2\/pages\/105\/revisions"}],"predecessor-version":[{"id":247,"href":"https:\/\/psneuillyputeaux.fr\/index.php?rest_route=\/wp\/v2\/pages\/105\/revisions\/247"}],"up":[{"embeddable":true,"href":"https:\/\/psneuillyputeaux.fr\/index.php?rest_route=\/wp\/v2\/pages\/61"}],"wp:featuredmedia":[{"embeddable":true,"href":"https:\/\/psneuillyputeaux.fr\/index.php?rest_route=\/wp\/v2\/media\/188"}],"wp:attachment":[{"href":"https:\/\/psneuillyputeaux.fr\/index.php?rest_route=%2Fwp%2Fv2%2Fmedia&parent=105"}],"curies":[{"name":"wp","href":"https:\/\/api.w.org\/{rel}","templated":true}]}}